{"id":4524,"date":"2024-03-18T22:20:59","date_gmt":"2024-03-18T21:20:59","guid":{"rendered":"https:\/\/efferen.cdu-huerth.de\/?page_id=4524"},"modified":"2024-04-06T10:32:45","modified_gmt":"2024-04-06T08:32:45","slug":"wahlkreis-18-herbert-verbrueggen","status":"publish","type":"page","link":"https:\/\/efferen.cdu-huerth.de\/?page_id=4524","title":{"rendered":"Wahlkreis 18: Herbert Verbr\u00fcggen"},"content":{"rendered":"<p><a href=\"https:\/\/efferen.cdu-huerth.de\/wp-content\/uploads\/2024\/03\/WK18_Herbert-Verbrueggen_offizielle-quer.jpg\"><img loading=\"lazy\" decoding=\"async\" class=\"aligncenter size-full wp-image-4545\" src=\"https:\/\/efferen.cdu-huerth.de\/wp-content\/uploads\/2024\/03\/WK18_Herbert-Verbrueggen_offizielle-quer.jpg\" alt=\"\" width=\"1024\" height=\"682\" srcset=\"https:\/\/efferen.cdu-huerth.de\/wp-content\/uploads\/2024\/03\/WK18_Herbert-Verbrueggen_offizielle-quer.jpg 1024w, https:\/\/efferen.cdu-huerth.de\/wp-content\/uploads\/2024\/03\/WK18_Herbert-Verbrueggen_offizielle-quer-300x200.jpg 300w, https:\/\/efferen.cdu-huerth.de\/wp-content\/uploads\/2024\/03\/WK18_Herbert-Verbrueggen_offizielle-quer-768x512.jpg 768w, https:\/\/efferen.cdu-huerth.de\/wp-content\/uploads\/2024\/03\/WK18_Herbert-Verbrueggen_offizielle-quer-750x500.jpg 750w\" sizes=\"auto, (max-width: 1024px) 100vw, 1024px\" \/><\/a><\/p>\n<p><strong><span style=\"font-size: 14pt;\">Herbert Verbr\u00fcggen<\/span>&nbsp;<\/strong><\/p>\n<p>Berrenrather Stra\u00dfe 536, 50354 H\u00fcrth | herbert.verbrueggen@cdu-huerth.de | 02233 66 757<\/p>\n<p>Ratsmitglied, Vorsitzender des Planungsausschusses | Versicherungskaufmann | Geb. 06.05.1944 | verheiratet | 2 Kinder<\/p>\n<p>Aktueller Vorsitzender des Ausschusses f\u00fcr Planung, Umwelt und Verkehr<\/p>\n<p>Aktuelle Aussch\u00fcsse als ordentliches Mitglied: Rechnungspr\u00fcfungsausschuss&nbsp;<\/p>\n<p>Aktuelle Aussch\u00fcsse als stellvertretendes Mitglied: Hauptausschuss, Verwaltungsrat, Wahlausschuss,&nbsp; Wahlpr\u00fcfungsausschuss&nbsp;<\/p>\n<hr>\n<p>Es reicht nicht aus, nur festzustellen, was alles in unserer Stadt verbesserungsw\u00fcrdig ist. Das habe ich mir vor fast 30 Jahren zu Herzen genommen und <strong>Verantwortung \u00fcbernommen<\/strong>. Seitdem arbeite ich erfolgreich im Planungsausschuss mit, um Baugebiete, Umweltschutz und Verkehrsangelegenheiten im Sinne unserer B\u00fcrger <strong>positiv<\/strong> zu <strong>gestalten<\/strong>.<\/p>\n<p>Mit meiner Frau Ilona lebe ich seit \u00fcber 45 Jahren auf der Berrenrather Stra\u00dfe. Wir haben eine erwachsene Tochter und einen erwachsenen Sohn. Der ist beruflich in meine Fu\u00dfstapfen getreten und schon seit langem in meine Versicherungsagentur eigetreten.<\/p>\n<p>Als Freizeitbesch\u00e4ftigung habe ich f\u00fcr mich das Segeln entdeckt, wobei dies aufgrund der Entfernung zu einem Meer nur einmal im Jahr m\u00f6glich ist. Skilaufen geh\u00f6rt auch noch dazu. Als ehemaliger Bergsteiger gehe ich immer noch gerne wandern, aber die zu erklimmenden H\u00f6hen sind gewaltig niedriger geworden.<\/p>\n<p>Efferen muss <strong>lebens- und liebenswert<\/strong> bleiben. Mit vielen Kinderg\u00e4rten und zwei Grundschulen ist unser Stadtteil gerade f\u00fcr junge Familien ein attraktiver Wohnort. Mit Nahversorgern gibt es die M\u00f6glichkeit die wichtigsten Dinge des Tagesbedarfs einzukaufen. Die Gastronomie mit ihren Restaurants, Gastst\u00e4tten, Caf\u00e9s und Eisdielen l\u00e4dt zum Besuch ein. <strong>Ich lebe gerne in Efferen!<\/strong><\/p>\n<p>Die Entwicklung in einzelnen Stadtteilen ist herausfordernd. Der R\u00fcckgang von Gastronomie und Einzelhandel pr\u00e4gt viele Orte im Stadtgebiet. Leerst\u00e4nde und unternutzte Fl\u00e4chen bieten triste Anblicke. Ich m\u00f6chte an einem Konzept f\u00fcr Efferen mitwirken, das den Ort als Einzelhandelsstandort st\u00e4rkt. F\u00fcr die unterschiedlichen Quartiere Ma\u00dfnahmen entwickeln, die den <strong>sozialen Austausch<\/strong>, die <strong>Verkehrsentwicklung<\/strong> und das <strong>st\u00e4dtebauliche Erscheinungsbild<\/strong> weiter verbessern. Dazu z\u00e4hlt auch, dass die Voraussetzungen f\u00fcr die Ansiedlung eines neuen Drogeriemarktes geschaffen werden.<\/p>\n<p>Mit der beispielgebenden Entwicklung des <strong>Seniorenwohnquartiers<\/strong> \u201eAm Gr\u00fcng\u00fcrtel\u201c in Efferen wollen wir altersgerechtes Wohnen erm\u00f6glichen. Selbstbestimmtes Leben in den eigenen vier W\u00e4nden soll hier so lange wie m\u00f6glich gew\u00e4hrleistet werden. Geboten werden auch entsprechende <strong>Unterst\u00fctzungsangebote<\/strong> im Quartier sowie ein Seniorenwohnheim.<\/p>\n<p>Der Anteil des Radverkehrs an der Mobilit\u00e4t ist weiter zu steigern. Die Infrastruktur muss hierf\u00fcr so gestaltet werden, dass Radfahren attraktiv wird und Spa\u00df macht. In den letzten Jahren haben wir viel Geld in die Reparatur von Radwegen gesteckt. Da, wo keine st\u00e4dtischen Einwirkungsm\u00f6glichkeiten bestehen, stehe ich daf\u00fcr ein, Alternativen zu planen. Wie etwa eine schnelle <strong>Radwegeverbindung<\/strong> von Fischenich \u00fcber Herm\u00fclheim nach Efferen, <strong>entlang der Stadtbahnlinie<\/strong>.<\/p>\n","protected":false},"excerpt":{"rendered":"<p>Herbert Verbr\u00fcggen&nbsp; Berrenrather Stra\u00dfe 536, 50354 H\u00fcrth | herbert.verbrueggen@cdu-huerth.de | 02233 66 757 Ratsmitglied, Vorsitzender des Planungsausschusses | Versicherungskaufmann | Geb. 06.05.1944 | verheiratet | 2 Kinder Aktueller Vorsitzender des Ausschusses f\u00fcr Planung, Umwelt und Verkehr Aktuelle Aussch\u00fcsse als ordentliches Mitglied: Rechnungspr\u00fcfungsausschuss&nbsp; Aktuelle Aussch\u00fcsse als stellvertretendes Mitglied: Hauptausschuss, Verwaltungsrat, Wahlausschuss,&nbsp; Wahlpr\u00fcfungsausschuss&nbsp; Es reicht nicht aus, &hellip; <\/p>\n<p><a class=\"more-link btn\" href=\"https:\/\/efferen.cdu-huerth.de\/?page_id=4524\">Weiterlesen<\/a><\/p>\n","protected":false},"author":18,"featured_media":0,"parent":4507,"menu_order":0,"comment_status":"closed","ping_status":"closed","template":"","meta":{"ngg_post_thumbnail":0,"footnotes":"","_links_to":"","_links_to_target":""},"class_list":["post-4524","page","type-page","status-publish","hentry","nodate","item-wrap"],"_links":{"self":[{"href":"https:\/\/efferen.cdu-huerth.de\/index.php?rest_route=\/wp\/v2\/pages\/4524","targetHints":{"allow":["GET"]}}],"collection":[{"href":"https:\/\/efferen.cdu-huerth.de\/index.php?rest_route=\/wp\/v2\/pages"}],"about":[{"href":"https:\/\/efferen.cdu-huerth.de\/index.php?rest_route=\/wp\/v2\/types\/page"}],"author":[{"embeddable":true,"href":"https:\/\/efferen.cdu-huerth.de\/index.php?rest_route=\/wp\/v2\/users\/18"}],"replies":[{"embeddable":true,"href":"https:\/\/efferen.cdu-huerth.de\/index.php?rest_route=%2Fwp%2Fv2%2Fcomments&post=4524"}],"version-history":[{"count":7,"href":"https:\/\/efferen.cdu-huerth.de\/index.php?rest_route=\/wp\/v2\/pages\/4524\/revisions"}],"predecessor-version":[{"id":4627,"href":"https:\/\/efferen.cdu-huerth.de\/index.php?rest_route=\/wp\/v2\/pages\/4524\/revisions\/4627"}],"up":[{"embeddable":true,"href":"https:\/\/efferen.cdu-huerth.de\/index.php?rest_route=\/wp\/v2\/pages\/4507"}],"wp:attachment":[{"href":"https:\/\/efferen.cdu-huerth.de\/index.php?rest_route=%2Fwp%2Fv2%2Fmedia&parent=4524"}],"curies":[{"name":"wp","href":"https:\/\/api.w.org\/{rel}","templated":true}]}}